{"id":370,"date":"2021-11-17T17:29:24","date_gmt":"2021-11-17T16:29:24","guid":{"rendered":"https:\/\/www.stl-software.de\/cms\/?page_id=370"},"modified":"2023-09-12T18:09:30","modified_gmt":"2023-09-12T16:09:30","slug":"job-ausbildung-fachinformatiker","status":"publish","type":"page","link":"https:\/\/www.stl-software.de\/cms\/karriere-bei-der\/job-ausbildung-fachinformatiker\/","title":{"rendered":"Job: Ausbildung Fachinformatiker"},"content":{"rendered":"\n\n\n[et_pb_section fb_built=&#8220;1&#8243; _builder_version=&#8220;4.16&#8243; _module_preset=&#8220;753eb255-b498-452c-9075-9b40b679d3b4&#8243; global_colors_info=&#8220;{}&#8220;][et_pb_row _builder_version=&#8220;4.16&#8243; _module_preset=&#8220;default&#8220; animation_style=&#8220;slide&#8220; animation_intensity_slide=&#8220;10%&#8220; global_colors_info=&#8220;{}&#8220;][et_pb_column type=&#8220;4_4&#8243; _builder_version=&#8220;4.16&#8243; _module_preset=&#8220;default&#8220; global_colors_info=&#8220;{}&#8220;][et_pb_text _builder_version=&#8220;4.16&#8243; _module_preset=&#8220;default&#8220; custom_padding=&#8220;||1px|||&#8220; global_colors_info=&#8220;{}&#8220;]<h1><span style=\"color: #ffffff\">Stellenausschreibung:<br \/>Ausbildung zum\/zur Fachinformatiker\/-in f\u00fcr Anwendungsentwicklung<\/span><\/h1>[\/et_pb_text][et_pb_divider color=&#8220;#29c4a9&#8243; divider_weight=&#8220;4px&#8220; _builder_version=&#8220;4.9.10&#8243; _module_preset=&#8220;default&#8220; max_width=&#8220;40px&#8220; custom_margin=&#8220;||10px||false|false&#8220; global_module=&#8220;354&#8243; saved_tabs=&#8220;all&#8220; global_colors_info=&#8220;{}&#8220;][\/et_pb_divider][et_pb_text _builder_version=&#8220;4.16&#8243; _module_preset=&#8220;b9bb25d6-91bf-4e23-95cd-4a9e00f511ab&#8220; global_colors_info=&#8220;{}&#8220;]<p>Die STL GmbH ist ein zertifizierter Ausbildungsbetrieb der IHK Stuttgart. Jeweils mit Starttermin zum 01. September bieten wir einen Ausbildungsplatz zum\/zur Fachinformatiker\/-in f\u00fcr Anwendungsentwicklung an. Die Ausbildung ist auf drei Jahre angelegt.<\/p>[\/et_pb_text][et_pb_button button_url=&#8220;@ET-DC@eyJkeW5hbWljIjp0cnVlLCJjb250ZW50IjoicG9zdF9saW5rX3VybF9wYWdlIiwic2V0dGluZ3MiOnsicG9zdF9pZCI6IjIzMiJ9fQ==@&#8220; button_text=&#8220;Schreib uns gleich an!&#8220; _builder_version=&#8220;4.9.10&#8243; _dynamic_attributes=&#8220;button_url&#8220; _module_preset=&#8220;5a00950a-f579-48e7-b9bd-3632ad8bbf2f&#8220; global_module=&#8220;351&#8243; saved_tabs=&#8220;all&#8220; global_colors_info=&#8220;{}&#8220;][\/et_pb_button][\/et_pb_column][\/et_pb_row][\/et_pb_section][et_pb_section fb_built=&#8220;1&#8243; _builder_version=&#8220;4.16&#8243; _module_preset=&#8220;534b0480-ebfc-4f34-959c-de457c8ca269&#8243; global_colors_info=&#8220;{}&#8220;][et_pb_row column_structure=&#8220;1_4,3_4&#8243; _builder_version=&#8220;4.16&#8243; _module_preset=&#8220;default&#8220; animation_style=&#8220;slide&#8220; animation_direction=&#8220;left&#8220; animation_intensity_slide=&#8220;10%&#8220; global_colors_info=&#8220;{}&#8220;][et_pb_column type=&#8220;1_4&#8243; _builder_version=&#8220;4.16&#8243; _module_preset=&#8220;default&#8220; global_colors_info=&#8220;{}&#8220;][\/et_pb_column][et_pb_column type=&#8220;3_4&#8243; _builder_version=&#8220;4.16&#8243; _module_preset=&#8220;default&#8220; global_colors_info=&#8220;{}&#8220;][et_pb_text _builder_version=&#8220;4.16&#8243; _module_preset=&#8220;default&#8220; global_colors_info=&#8220;{}&#8220;]<h2><span style=\"color: #009fe3\">Welche Aufgaben auf Dich warten<\/span><\/h2>[\/et_pb_text][et_pb_divider color=&#8220;#29c4a9&#8243; divider_weight=&#8220;4px&#8220; _builder_version=&#8220;4.9.10&#8243; _module_preset=&#8220;default&#8220; max_width=&#8220;40px&#8220; custom_margin=&#8220;||10px||false|false&#8220; global_module=&#8220;354&#8243; saved_tabs=&#8220;all&#8220; global_colors_info=&#8220;{}&#8220;][\/et_pb_divider][et_pb_text _builder_version=&#8220;4.16&#8243; _module_preset=&#8220;default&#8220; global_colors_info=&#8220;{}&#8220;]<p>Wir werden Dir alles beibringen, was im Rahmen der Ausbildungsordnung verlangt wird. Wir legen den Fokus darauf, Dich in die Lage zu versetzen, eine Anwendung analysieren und weiterentwickeln zu k\u00f6nnen. Wir werden aber auch darauf achten, dass die Themen rund um die reine Anwendungsentwicklung nicht zu kurz kommen. Von der Hardware \u00fcber Netzwerke, von der Software bis hin zum Projektmanagement rund um ein Kundenprojekt, werden wir uns alles mit Dir anschauen und Dich ausprobieren lassen.<\/p>[\/et_pb_text][\/et_pb_column][\/et_pb_row][\/et_pb_section][et_pb_section fb_built=&#8220;1&#8243; _builder_version=&#8220;4.16&#8243; _module_preset=&#8220;753eb255-b498-452c-9075-9b40b679d3b4&#8243; global_colors_info=&#8220;{}&#8220;][et_pb_row column_structure=&#8220;3_4,1_4&#8243; _builder_version=&#8220;4.16&#8243; _module_preset=&#8220;default&#8220; animation_style=&#8220;slide&#8220; animation_direction=&#8220;right&#8220; animation_intensity_slide=&#8220;10%&#8220; global_colors_info=&#8220;{}&#8220;][et_pb_column type=&#8220;3_4&#8243; _builder_version=&#8220;4.16&#8243; _module_preset=&#8220;default&#8220; global_colors_info=&#8220;{}&#8220;][et_pb_text _builder_version=&#8220;4.16&#8243; _module_preset=&#8220;b9bb25d6-91bf-4e23-95cd-4a9e00f511ab&#8220; global_colors_info=&#8220;{}&#8220;]<h2>Welche Skills Du mitbringst<\/h2>[\/et_pb_text][et_pb_divider color=&#8220;#29c4a9&#8243; divider_weight=&#8220;4px&#8220; _builder_version=&#8220;4.9.10&#8243; _module_preset=&#8220;default&#8220; max_width=&#8220;40px&#8220; custom_margin=&#8220;||10px||false|false&#8220; global_module=&#8220;354&#8243; saved_tabs=&#8220;all&#8220; global_colors_info=&#8220;{}&#8220;][\/et_pb_divider][et_pb_text _builder_version=&#8220;4.16&#8243; _module_preset=&#8220;b9bb25d6-91bf-4e23-95cd-4a9e00f511ab&#8220; global_colors_info=&#8220;{}&#8220;]<ul>\n<li>Interesse an Software-Entwicklung<\/li>\n<li>einen Schulabschluss<\/li>\n<li>Neugier<\/li>\n<li>Du kannst Dich selbst motivieren<\/li>\n<li>Affinit\u00e4t zur IT &#8211; das zeigt sich zum Beispiel, weil Du an der Schule Informatik-Unterricht hattest oder privat schonmal programmiert hast<\/li>\n<\/ul>[\/et_pb_text][\/et_pb_column][et_pb_column type=&#8220;1_4&#8243; _builder_version=&#8220;4.16&#8243; _module_preset=&#8220;default&#8220; global_colors_info=&#8220;{}&#8220;][\/et_pb_column][\/et_pb_row][\/et_pb_section][et_pb_section fb_built=&#8220;1&#8243; _builder_version=&#8220;4.16&#8243; _module_preset=&#8220;534b0480-ebfc-4f34-959c-de457c8ca269&#8243; global_colors_info=&#8220;{}&#8220;][et_pb_row column_structure=&#8220;1_4,3_4&#8243; _builder_version=&#8220;4.16&#8243; _module_preset=&#8220;default&#8220; animation_style=&#8220;slide&#8220; animation_direction=&#8220;left&#8220; animation_intensity_slide=&#8220;10%&#8220; global_colors_info=&#8220;{}&#8220;][et_pb_column type=&#8220;1_4&#8243; _builder_version=&#8220;4.16&#8243; _module_preset=&#8220;default&#8220; global_colors_info=&#8220;{}&#8220;][\/et_pb_column][et_pb_column type=&#8220;3_4&#8243; _builder_version=&#8220;4.16&#8243; _module_preset=&#8220;default&#8220; global_colors_info=&#8220;{}&#8220;][et_pb_text _builder_version=&#8220;4.16&#8243; _module_preset=&#8220;default&#8220; global_colors_info=&#8220;{}&#8220;]<h2><span style=\"color: #009fe3\">Weiterf\u00fchrende Informationen zur Ausbildung<\/span><\/h2>[\/et_pb_text][et_pb_divider color=&#8220;#29c4a9&#8243; divider_weight=&#8220;4px&#8220; _builder_version=&#8220;4.9.10&#8243; _module_preset=&#8220;default&#8220; max_width=&#8220;40px&#8220; custom_margin=&#8220;||10px||false|false&#8220; global_module=&#8220;354&#8243; saved_tabs=&#8220;all&#8220; global_colors_info=&#8220;{}&#8220;][\/et_pb_divider][et_pb_text _builder_version=&#8220;4.19.0&#8243; _module_preset=&#8220;default&#8220; hover_enabled=&#8220;0&#8243; global_colors_info=&#8220;{}&#8220; sticky_enabled=&#8220;0&#8243;]<p><a href=\"https:\/\/www.ihk.de\/stuttgart\/fuer-unternehmen\/fachkraefte-und-ausbildung\/ausbildung\/novellierung-it-berufe-4729008\" target=\"_blank\" rel=\"noopener\" title=\"Ausbildungsinformationen der IHK Stuttgart\">Hier<\/a> findest Du Informationen der IHK Stuttgart zur letzten Novellierung der IT-Berufe, darunter f\u00fcr Fachinformatiker_innen.<\/p>\n<p><a href=\"https:\/\/www.bgbl.de\/xaver\/bgbl\/start.xav?start=%2F%2F*%5B%40attr_id%3D%27bgbl117s1002.pdf%27%5D#__bgbl__%2F%2F*%5B%40attr_id%3D%27bgbl120s0250.pdf%27%5D__1667920308147\" title=\"Bundesgesetzblatt\">Hier<\/a> findest Du die Verordnung \u00fcber die Berufsausbildung zum Fachinformatiker und zur Fachinformatikerin im Bundesanzeiger.<\/p>[\/et_pb_text][\/et_pb_column][\/et_pb_row][\/et_pb_section][et_pb_section fb_built=&#8220;1&#8243; _builder_version=&#8220;4.16&#8243; _module_preset=&#8220;534b0480-ebfc-4f34-959c-de457c8ca269&#8243; global_colors_info=&#8220;{}&#8220;][et_pb_row _builder_version=&#8220;4.16&#8243; _module_preset=&#8220;default&#8220; global_colors_info=&#8220;{}&#8220;][et_pb_column type=&#8220;4_4&#8243; _builder_version=&#8220;4.16&#8243; _module_preset=&#8220;default&#8220; global_colors_info=&#8220;{}&#8220;][et_pb_divider _builder_version=&#8220;4.16&#8243; _module_preset=&#8220;9dc8fda6-104b-43bb-9cd0-018c0000d615&#8243; global_colors_info=&#8220;{}&#8220;][\/et_pb_divider][\/et_pb_column][\/et_pb_row][et_pb_row column_structure=&#8220;1_3,1_3,1_3&#8243; _builder_version=&#8220;4.16&#8243; _module_preset=&#8220;default&#8220; animation_style=&#8220;slide&#8220; animation_intensity_slide=&#8220;10%&#8220; global_colors_info=&#8220;{}&#8220;][et_pb_column type=&#8220;1_3&#8243; _builder_version=&#8220;4.16&#8243; _module_preset=&#8220;default&#8220; global_colors_info=&#8220;{}&#8220;][et_pb_cta title=&#8220;Erfahre mehr \u00fcber unsere Software cimoio&#8220; button_url=&#8220;https:\/\/www.cimoio.de\/cms\/startseite\/cimoio-und-module\/&#8220; url_new_window=&#8220;on&#8220; button_text=&#8220;Lies hier weiter&#8220; _builder_version=&#8220;4.16&#8243; _module_preset=&#8220;default&#8220; global_module=&#8220;335&#8243; saved_tabs=&#8220;all&#8220; global_colors_info=&#8220;{}&#8220;]<p><span>Hier erf\u00e4hrst Du alles \u00fcber den modularen Aufbau cimoios, wie unsere Kunden sich diese zusammensetzen k\u00f6nnen und wie wir uns zum Thema &#8222;LMS&#8220; vs &#8222;TMS&#8220; vs &#8222;LXP&#8220; positionieren.<\/span><\/p>\n[\/et_pb_cta][\/et_pb_column][et_pb_column type=&#8220;1_3&#8243; _builder_version=&#8220;4.16&#8243; _module_preset=&#8220;default&#8220; global_colors_info=&#8220;{}&#8220;][et_pb_cta title=&#8220;Erfahre mehr \u00fcber unsere weiteren Produkte&#8220; button_url=&#8220;@ET-DC@eyJkeW5hbWljIjp0cnVlLCJjb250ZW50IjoicG9zdF9saW5rX3VybF9wYWdlIiwic2V0dGluZ3MiOnsicG9zdF9pZCI6IjE4MiJ9fQ==@&#8220; url_new_window=&#8220;on&#8220; button_text=&#8220;Lies hier weiter&#8220; _builder_version=&#8220;4.19.0&#8243; _dynamic_attributes=&#8220;button_url&#8220; _module_preset=&#8220;default&#8220; global_module=&#8220;336&#8243; saved_tabs=&#8220;all&#8220; global_colors_info=&#8220;{}&#8220;]<p><span>Hier erf\u00e4hrst Du mehr dar\u00fcber, wie unser Portfolio \u00fcber cimoio hinaus aufgestellt ist. So bekommst Du ein Gef\u00fchl daf\u00fcr, was wir alles machen au\u00dfer einer Standard-Software!<\/span><\/p>\n[\/et_pb_cta][\/et_pb_column][et_pb_column type=&#8220;1_3&#8243; _builder_version=&#8220;4.16&#8243; _module_preset=&#8220;default&#8220; global_colors_info=&#8220;{}&#8220;][et_pb_cta title=&#8220;Erfahre mehr \u00fcber unsere Services&#8220; button_url=&#8220;@ET-DC@eyJkeW5hbWljIjp0cnVlLCJjb250ZW50IjoicG9zdF9saW5rX3VybF9wYWdlIiwic2V0dGluZ3MiOnsicG9zdF9pZCI6IjE4MiJ9fQ==@&#8220; url_new_window=&#8220;on&#8220; button_text=&#8220;Lies hier weiter&#8220; _builder_version=&#8220;4.9.10&#8243; _dynamic_attributes=&#8220;button_url&#8220; _module_preset=&#8220;default&#8220; global_module=&#8220;338&#8243; saved_tabs=&#8220;all&#8220; global_colors_info=&#8220;{}&#8220;]<p><span>Wir machen mehr als eine Software programmieren. Unser Team besteht aus Kolleginnen und Kollegen, die ihre Kunden auch beraten, wie Sie ihre Aufgaben bew\u00e4ltigen mit cimoio.<\/span><\/p>\n[\/et_pb_cta][\/et_pb_column][\/et_pb_row][\/et_pb_section]\n\n\n","protected":false},"excerpt":{"rendered":"<p>Stellenausschreibung:Ausbildung zum\/zur Fachinformatiker\/-in f\u00fcr AnwendungsentwicklungDie STL GmbH ist ein zertifizierter Ausbildungsbetrieb der IHK Stuttgart. Jeweils mit Starttermin zum 01. September bieten wir einen Ausbildungsplatz zum\/zur Fachinformatiker\/-in f\u00fcr Anwendungsentwicklung an. Die Ausbildung ist auf drei Jahre angelegt.Welche Aufgaben auf Dich wartenWir werden Dir alles beibringen, was im Rahmen der Ausbildungsordnung verlangt wird. Wir legen den Fokus [&hellip;]<\/p>\n","protected":false},"author":3,"featured_media":0,"parent":277,"menu_order":40,"comment_status":"closed","ping_status":"closed","template":"","meta":{"_et_pb_use_builder":"on","_et_pb_old_content":"","_et_gb_content_width":"","inline_featured_image":false,"footnotes":""},"class_list":["post-370","page","type-page","status-publish","hentry"],"yoast_head":"<!-- This site is optimized with the Yoast SEO plugin v27.4 - https:\/\/yoast.com\/product\/yoast-seo-wordpress\/ -->\n<title>Job: Ausbildung Fachinformatiker | STL GmbH<\/title>\n<meta name=\"description\" content=\"Starten Sie Ihre Karriere bei einem zertifizierten Ausbildungsbetrieb! Wir bieten j\u00e4hrlich einen Ausbildungsplatz im Bereich Fachinformatik.\" \/>\n<meta name=\"robots\" content=\"index, follow, max-snippet:-1, max-image-preview:large, max-video-preview:-1\" \/>\n<link rel=\"canonical\" href=\"https:\/\/www.stl-software.de\/cms\/karriere-bei-der\/job-ausbildung-fachinformatiker\/\" \/>\n<meta property=\"og:locale\" content=\"de_DE\" \/>\n<meta property=\"og:type\" content=\"article\" \/>\n<meta property=\"og:title\" content=\"Job: Ausbildung Fachinformatiker | STL GmbH\" \/>\n<meta property=\"og:description\" content=\"Starten Sie Ihre Karriere bei einem zertifizierten Ausbildungsbetrieb! Wir bieten j\u00e4hrlich einen Ausbildungsplatz im Bereich Fachinformatik.\" \/>\n<meta property=\"og:url\" content=\"https:\/\/www.stl-software.de\/cms\/karriere-bei-der\/job-ausbildung-fachinformatiker\/\" \/>\n<meta property=\"og:site_name\" content=\"STL GmbH\" \/>\n<meta property=\"article:modified_time\" content=\"2023-09-12T16:09:30+00:00\" \/>\n<meta name=\"twitter:card\" content=\"summary_large_image\" \/>\n<script type=\"application\/ld+json\" class=\"yoast-schema-graph\">{\"@context\":\"https:\\\/\\\/schema.org\",\"@graph\":[{\"@type\":\"WebPage\",\"@id\":\"https:\\\/\\\/www.stl-software.de\\\/cms\\\/karriere-bei-der\\\/job-ausbildung-fachinformatiker\\\/\",\"url\":\"https:\\\/\\\/www.stl-software.de\\\/cms\\\/karriere-bei-der\\\/job-ausbildung-fachinformatiker\\\/\",\"name\":\"Job: Ausbildung Fachinformatiker | STL GmbH\",\"isPartOf\":{\"@id\":\"https:\\\/\\\/www.stl-software.de\\\/cms\\\/#website\"},\"datePublished\":\"2021-11-17T16:29:24+00:00\",\"dateModified\":\"2023-09-12T16:09:30+00:00\",\"description\":\"Starten Sie Ihre Karriere bei einem zertifizierten Ausbildungsbetrieb! Wir bieten j\u00e4hrlich einen Ausbildungsplatz im Bereich Fachinformatik.\",\"breadcrumb\":{\"@id\":\"https:\\\/\\\/www.stl-software.de\\\/cms\\\/karriere-bei-der\\\/job-ausbildung-fachinformatiker\\\/#breadcrumb\"},\"inLanguage\":\"de\",\"potentialAction\":[{\"@type\":\"ReadAction\",\"target\":[\"https:\\\/\\\/www.stl-software.de\\\/cms\\\/karriere-bei-der\\\/job-ausbildung-fachinformatiker\\\/\"]}]},{\"@type\":\"BreadcrumbList\",\"@id\":\"https:\\\/\\\/www.stl-software.de\\\/cms\\\/karriere-bei-der\\\/job-ausbildung-fachinformatiker\\\/#breadcrumb\",\"itemListElement\":[{\"@type\":\"ListItem\",\"position\":1,\"name\":\"Startseite\",\"item\":\"https:\\\/\\\/www.stl-software.de\\\/cms\\\/\"},{\"@type\":\"ListItem\",\"position\":2,\"name\":\"Karriere bei der\",\"item\":\"https:\\\/\\\/www.stl-software.de\\\/cms\\\/karriere-bei-der\\\/\"},{\"@type\":\"ListItem\",\"position\":3,\"name\":\"Job: Ausbildung Fachinformatiker\"}]},{\"@type\":\"WebSite\",\"@id\":\"https:\\\/\\\/www.stl-software.de\\\/cms\\\/#website\",\"url\":\"https:\\\/\\\/www.stl-software.de\\\/cms\\\/\",\"name\":\"STL GmbH\",\"description\":\"Die Firma, die das LMS cimoio entwickelt hat\",\"potentialAction\":[{\"@type\":\"SearchAction\",\"target\":{\"@type\":\"EntryPoint\",\"urlTemplate\":\"https:\\\/\\\/www.stl-software.de\\\/cms\\\/?s={search_term_string}\"},\"query-input\":{\"@type\":\"PropertyValueSpecification\",\"valueRequired\":true,\"valueName\":\"search_term_string\"}}],\"inLanguage\":\"de\"}]}<\/script>\n<!-- \/ Yoast SEO plugin. -->","yoast_head_json":{"title":"Job: Ausbildung Fachinformatiker | STL GmbH","description":"Starten Sie Ihre Karriere bei einem zertifizierten Ausbildungsbetrieb! Wir bieten j\u00e4hrlich einen Ausbildungsplatz im Bereich Fachinformatik.","robots":{"index":"index","follow":"follow","max-snippet":"max-snippet:-1","max-image-preview":"max-image-preview:large","max-video-preview":"max-video-preview:-1"},"canonical":"https:\/\/www.stl-software.de\/cms\/karriere-bei-der\/job-ausbildung-fachinformatiker\/","og_locale":"de_DE","og_type":"article","og_title":"Job: Ausbildung Fachinformatiker | STL GmbH","og_description":"Starten Sie Ihre Karriere bei einem zertifizierten Ausbildungsbetrieb! Wir bieten j\u00e4hrlich einen Ausbildungsplatz im Bereich Fachinformatik.","og_url":"https:\/\/www.stl-software.de\/cms\/karriere-bei-der\/job-ausbildung-fachinformatiker\/","og_site_name":"STL GmbH","article_modified_time":"2023-09-12T16:09:30+00:00","twitter_card":"summary_large_image","schema":{"@context":"https:\/\/schema.org","@graph":[{"@type":"WebPage","@id":"https:\/\/www.stl-software.de\/cms\/karriere-bei-der\/job-ausbildung-fachinformatiker\/","url":"https:\/\/www.stl-software.de\/cms\/karriere-bei-der\/job-ausbildung-fachinformatiker\/","name":"Job: Ausbildung Fachinformatiker | STL GmbH","isPartOf":{"@id":"https:\/\/www.stl-software.de\/cms\/#website"},"datePublished":"2021-11-17T16:29:24+00:00","dateModified":"2023-09-12T16:09:30+00:00","description":"Starten Sie Ihre Karriere bei einem zertifizierten Ausbildungsbetrieb! Wir bieten j\u00e4hrlich einen Ausbildungsplatz im Bereich Fachinformatik.","breadcrumb":{"@id":"https:\/\/www.stl-software.de\/cms\/karriere-bei-der\/job-ausbildung-fachinformatiker\/#breadcrumb"},"inLanguage":"de","potentialAction":[{"@type":"ReadAction","target":["https:\/\/www.stl-software.de\/cms\/karriere-bei-der\/job-ausbildung-fachinformatiker\/"]}]},{"@type":"BreadcrumbList","@id":"https:\/\/www.stl-software.de\/cms\/karriere-bei-der\/job-ausbildung-fachinformatiker\/#breadcrumb","itemListElement":[{"@type":"ListItem","position":1,"name":"Startseite","item":"https:\/\/www.stl-software.de\/cms\/"},{"@type":"ListItem","position":2,"name":"Karriere bei der","item":"https:\/\/www.stl-software.de\/cms\/karriere-bei-der\/"},{"@type":"ListItem","position":3,"name":"Job: Ausbildung Fachinformatiker"}]},{"@type":"WebSite","@id":"https:\/\/www.stl-software.de\/cms\/#website","url":"https:\/\/www.stl-software.de\/cms\/","name":"STL GmbH","description":"Die Firma, die das LMS cimoio entwickelt hat","potentialAction":[{"@type":"SearchAction","target":{"@type":"EntryPoint","urlTemplate":"https:\/\/www.stl-software.de\/cms\/?s={search_term_string}"},"query-input":{"@type":"PropertyValueSpecification","valueRequired":true,"valueName":"search_term_string"}}],"inLanguage":"de"}]}},"_links":{"self":[{"href":"https:\/\/www.stl-software.de\/cms\/wp-json\/wp\/v2\/pages\/370","targetHints":{"allow":["GET"]}}],"collection":[{"href":"https:\/\/www.stl-software.de\/cms\/wp-json\/wp\/v2\/pages"}],"about":[{"href":"https:\/\/www.stl-software.de\/cms\/wp-json\/wp\/v2\/types\/page"}],"author":[{"embeddable":true,"href":"https:\/\/www.stl-software.de\/cms\/wp-json\/wp\/v2\/users\/3"}],"replies":[{"embeddable":true,"href":"https:\/\/www.stl-software.de\/cms\/wp-json\/wp\/v2\/comments?post=370"}],"version-history":[{"count":13,"href":"https:\/\/www.stl-software.de\/cms\/wp-json\/wp\/v2\/pages\/370\/revisions"}],"predecessor-version":[{"id":1337,"href":"https:\/\/www.stl-software.de\/cms\/wp-json\/wp\/v2\/pages\/370\/revisions\/1337"}],"up":[{"embeddable":true,"href":"https:\/\/www.stl-software.de\/cms\/wp-json\/wp\/v2\/pages\/277"}],"wp:attachment":[{"href":"https:\/\/www.stl-software.de\/cms\/wp-json\/wp\/v2\/media?parent=370"}],"curies":[{"name":"wp","href":"https:\/\/api.w.org\/{rel}","templated":true}]}}